{"id":430,"date":"2021-12-16T10:11:47","date_gmt":"2021-12-16T09:11:47","guid":{"rendered":"http:\/\/osyzigu.cluster030.hosting.ovh.net\/?page_id=430"},"modified":"2026-04-10T10:14:36","modified_gmt":"2026-04-10T08:14:36","slug":"oreille-accueil","status":"publish","type":"page","link":"http:\/\/loreilleduperche.fr\/","title":{"rendered":"OREILLE &#8211; ACCUEIL"},"content":{"rendered":"\t\t<div data-elementor-type=\"wp-page\" data-elementor-id=\"430\" class=\"elementor elementor-430\" data-elementor-post-type=\"page\">\n\t\t\t\t<div class=\"elementor-element elementor-element-d957bbc e-con-full e-flex e-con e-parent\" data-id=\"d957bbc\" data-element_type=\"container\" data-e-type=\"container\">\n\t\t\t\t<div class=\"elementor-element elementor-element-000f231 elementor-widget elementor-widget-image\" data-id=\"000f231\" data-element_type=\"widget\" data-e-type=\"widget\" data-widget_type=\"image.default\">\n\t\t\t\t<div class=\"elementor-widget-container\">\n\t\t\t\t\t\t\t\t\t\t\t\t\t\t\t<img fetchpriority=\"high\" decoding=\"async\" width=\"800\" height=\"450\" src=\"https:\/\/loreilleduperche.fr\/wp-content\/uploads\/2026\/04\/BANDEAU_HELLO_ASSO_2026_1280X720_01-1024x576.jpg\" class=\"attachment-large size-large wp-image-4029\" alt=\"\" srcset=\"https:\/\/loreilleduperche.fr\/wp-content\/uploads\/2026\/04\/BANDEAU_HELLO_ASSO_2026_1280X720_01-1024x576.jpg 1024w, https:\/\/loreilleduperche.fr\/wp-content\/uploads\/2026\/04\/BANDEAU_HELLO_ASSO_2026_1280X720_01-300x169.jpg 300w, https:\/\/loreilleduperche.fr\/wp-content\/uploads\/2026\/04\/BANDEAU_HELLO_ASSO_2026_1280X720_01-768x432.jpg 768w, https:\/\/loreilleduperche.fr\/wp-content\/uploads\/2026\/04\/BANDEAU_HELLO_ASSO_2026_1280X720_01-1536x864.jpg 1536w, https:\/\/loreilleduperche.fr\/wp-content\/uploads\/2026\/04\/BANDEAU_HELLO_ASSO_2026_1280X720_01-2048x1152.jpg 2048w\" sizes=\"(max-width: 800px) 100vw, 800px\" \/>\t\t\t\t\t\t\t\t\t\t\t\t\t\t\t<\/div>\n\t\t\t\t<\/div>\n\t\t\t\t<\/div>\n\t\t<div class=\"elementor-element elementor-element-bfc8248 e-flex e-con-boxed e-con e-parent\" data-id=\"bfc8248\" data-element_type=\"container\" data-e-type=\"container\">\n\t\t\t\t\t<div class=\"e-con-inner\">\n\t\t<div class=\"elementor-element elementor-element-6fd947f e-con-full e-flex e-con e-child\" data-id=\"6fd947f\" data-element_type=\"container\" data-e-type=\"container\">\n\t\t\t\t<div class=\"elementor-element elementor-element-60336a4 elementor-cta--skin-classic elementor-animated-content elementor-bg-transform elementor-bg-transform-zoom-in elementor-widget elementor-widget-call-to-action\" data-id=\"60336a4\" data-element_type=\"widget\" data-e-type=\"widget\" data-widget_type=\"call-to-action.default\">\n\t\t\t\t<div class=\"elementor-widget-container\">\n\t\t\t\t\t\t\t<div class=\"elementor-cta\">\n\t\t\t\t\t\t\t<div class=\"elementor-cta__content\">\n\t\t\t\t\n\t\t\t\t\t\t\t\t\t<h2 class=\"elementor-cta__title elementor-cta__content-item elementor-content-item\">\n\t\t\t\t\t\tAppel aux dons : vous souhaitez soutenir L'Oreille du Perche\t\t\t\t\t<\/h2>\n\t\t\t\t\n\t\t\t\t\t\t\t\t\t<div class=\"elementor-cta__description elementor-cta__content-item elementor-content-item\">\n\t\t\t\t\t\tL\u2019Oreille du Perche \u0153uvre depuis 5 ans pour proposer des concerts de grande qualit\u00e9 dans les \u00e9glises du Perche. Son mod\u00e8le repose sur des subventions, des coproductions, la billetterie et le soutien de m\u00e9c\u00e8nes et donateurs, mais son \u00e9quilibre reste fragile.\n\nVotre soutien, ponctuel ou r\u00e9gulier, est essentiel pour maintenir et d\u00e9velopper nos actions. Chaque don compte.\n\nEn contribuant, vous b\u00e9n\u00e9ficiez d\u2019une r\u00e9duction d\u2019imp\u00f4t de 66% (60% pour les entreprises), ainsi que de contreparties (places et\/ou disques offerts).\t\t\t\t\t<\/div>\n\t\t\t\t\n\t\t\t\t\t\t\t\t\t<div class=\"elementor-cta__button-wrapper elementor-cta__content-item elementor-content-item \">\n\t\t\t\t\t<a class=\"elementor-cta__button elementor-button elementor-size-\" href=\"https:\/\/www.helloasso.com\/associations\/l-oreille-du-perche\/formulaires\/6\" target=\"_blank\" rel=\"noopener\">\n\t\t\t\t\t\tCliquer ici\t\t\t\t\t<\/a>\n\t\t\t\t\t<\/div>\n\t\t\t\t\t\t\t<\/div>\n\t\t\t\t\t\t<\/div>\n\t\t\t\t\t\t<\/div>\n\t\t\t\t<\/div>\n\t\t\t\t<\/div>\n\t\t<div class=\"elementor-element elementor-element-6919c74 e-con-full e-flex e-con e-child\" data-id=\"6919c74\" data-element_type=\"container\" data-e-type=\"container\">\n\t\t\t\t<div class=\"elementor-element elementor-element-e5ffaa9 elementor-widget elementor-widget-heading\" data-id=\"e5ffaa9\" data-element_type=\"widget\" data-e-type=\"widget\" data-widget_type=\"heading.default\">\n\t\t\t\t<div class=\"elementor-widget-container\">\n\t\t\t\t\t<h2 class=\"elementor-heading-title elementor-size-default\">L'\u00e9dition 2026<\/h2>\t\t\t\t<\/div>\n\t\t\t\t<\/div>\n\t\t\t\t<div class=\"elementor-element elementor-element-2fa0bdf elementor-widget elementor-widget-text-editor\" data-id=\"2fa0bdf\" data-element_type=\"widget\" data-e-type=\"widget\" data-widget_type=\"text-editor.default\">\n\t\t\t\t<div class=\"elementor-widget-container\">\n\t\t\t\t\t\t\t\t\t<p>Insuffler de la po\u00e9sie, de l\u2019imaginaire et de la libert\u00e9, cr\u00e9er un espace de diversit\u00e9 et de partage nous semble aujourd\u2019hui, dans un monde en pleine mutation, fondamental.\u00a0<\/p><p>Face aux fractures sociales, aux \u00e9volutions technologiques, au nationalisme, aux menaces \u00e9cologiques et aux guerres, face \u00e0 une culture menac\u00e9e d\u2019uniformisation, hier comme aujourd\u2019hui des voix s\u2019\u00e9l\u00e8vent pour nous rappeler ce qui constitue notre identit\u00e9, individuelle et collective, enrichir notre humanit\u00e9, pour (re)donner du sens et de l\u2019espoir.\u00a0<\/p><p>Cette cinqui\u00e8me \u00e9dition de L\u2019Oreille du Perche vous invite \u00e0 d\u00e9couvrir quatre de ces voix d\u2019hier et d\u2019aujourd\u2019hui.<\/p>\t\t\t\t\t\t\t\t<\/div>\n\t\t\t\t<\/div>\n\t\t\t\t<div class=\"elementor-element elementor-element-88730e1 elementor-widget elementor-widget-button\" data-id=\"88730e1\" data-element_type=\"widget\" data-e-type=\"widget\" data-widget_type=\"button.default\">\n\t\t\t\t<div class=\"elementor-widget-container\">\n\t\t\t\t\t\t\t\t\t<div class=\"elementor-button-wrapper\">\n\t\t\t\t\t<a class=\"elementor-button elementor-button-link elementor-size-sm\" href=\"http:\/\/loreilleduperche.fr\/?page_id=4033\">\n\t\t\t\t\t\t<span class=\"elementor-button-content-wrapper\">\n\t\t\t\t\t\t\t\t\t<span class=\"elementor-button-text\">en savoir plus<\/span>\n\t\t\t\t\t<\/span>\n\t\t\t\t\t<\/a>\n\t\t\t\t<\/div>\n\t\t\t\t\t\t\t\t<\/div>\n\t\t\t\t<\/div>\n\t\t\t\t<\/div>\n\t\t\t\t\t<\/div>\n\t\t\t\t<\/div>\n\t\t<div class=\"elementor-element elementor-element-6937c1b e-flex e-con-boxed e-con e-parent\" data-id=\"6937c1b\" data-element_type=\"container\" data-e-type=\"container\">\n\t\t\t\t\t<div class=\"e-con-inner\">\n\t\t\t\t\t<\/div>\n\t\t\t\t<\/div>\n\t\t\t\t<section class=\"elementor-section elementor-top-section elementor-element elementor-element-66d66ea elementor-section-boxed elementor-section-height-default elementor-section-height-default\" data-id=\"66d66ea\" data-element_type=\"section\" data-e-type=\"section\">\n\t\t\t\t\t\t<div class=\"elementor-container elementor-column-gap-default\">\n\t\t\t\t\t<div class=\"elementor-column elementor-col-100 elementor-top-column elementor-element elementor-element-2478c1d\" data-id=\"2478c1d\" data-element_type=\"column\" data-e-type=\"column\">\n\t\t\t<div class=\"elementor-widget-wrap elementor-element-populated\">\n\t\t\t\t\t\t<div class=\"elementor-element elementor-element-a96de42 elementor-widget elementor-widget-heading\" data-id=\"a96de42\" data-element_type=\"widget\" data-e-type=\"widget\" data-widget_type=\"heading.default\">\n\t\t\t\t<div class=\"elementor-widget-container\">\n\t\t\t\t\t<h2 class=\"elementor-heading-title elementor-size-default\">Actualit\u00e9s<\/h2>\t\t\t\t<\/div>\n\t\t\t\t<\/div>\n\t\t\t\t\t<\/div>\n\t\t<\/div>\n\t\t\t\t\t<\/div>\n\t\t<\/section>\n\t\t\t\t<section class=\"elementor-section elementor-top-section elementor-element elementor-element-400fc4b elementor-section-boxed elementor-section-height-default elementor-section-height-default\" data-id=\"400fc4b\" data-element_type=\"section\" data-e-type=\"section\">\n\t\t\t\t\t\t<div class=\"elementor-container elementor-column-gap-default\">\n\t\t\t\t\t<div class=\"elementor-column elementor-col-100 elementor-top-column elementor-element elementor-element-dbace24\" data-id=\"dbace24\" data-element_type=\"column\" data-e-type=\"column\">\n\t\t\t<div class=\"elementor-widget-wrap elementor-element-populated\">\n\t\t\t\t\t\t<div class=\"elementor-element elementor-element-f88d937 elementor-grid-4 elementor-grid-tablet-2 elementor-grid-mobile-1 elementor-posts--thumbnail-top elementor-posts__hover-gradient elementor-widget elementor-widget-posts\" data-id=\"f88d937\" data-element_type=\"widget\" data-e-type=\"widget\" data-settings=\"{&quot;cards_columns&quot;:&quot;4&quot;,&quot;cards_columns_tablet&quot;:&quot;2&quot;,&quot;cards_columns_mobile&quot;:&quot;1&quot;,&quot;cards_row_gap&quot;:{&quot;unit&quot;:&quot;px&quot;,&quot;size&quot;:35,&quot;sizes&quot;:[]},&quot;cards_row_gap_tablet&quot;:{&quot;unit&quot;:&quot;px&quot;,&quot;size&quot;:&quot;&quot;,&quot;sizes&quot;:[]},&quot;cards_row_gap_mobile&quot;:{&quot;unit&quot;:&quot;px&quot;,&quot;size&quot;:&quot;&quot;,&quot;sizes&quot;:[]}}\" data-widget_type=\"posts.cards\">\n\t\t\t\t<div class=\"elementor-widget-container\">\n\t\t\t\t\t\t\t<div class=\"elementor-posts-container elementor-posts elementor-posts--skin-cards elementor-grid\" role=\"list\">\n\t\t\t\t<article class=\"elementor-post elementor-grid-item post-3882 post type-post status-publish format-standard has-post-thumbnail hentry category-non-classe\" role=\"listitem\">\n\t\t\t<div class=\"elementor-post__card\">\n\t\t\t\t<a class=\"elementor-post__thumbnail__link\" href=\"http:\/\/loreilleduperche.fr\/?p=3882\" tabindex=\"-1\"><div class=\"elementor-post__thumbnail\"><img decoding=\"async\" width=\"300\" height=\"200\" src=\"http:\/\/loreilleduperche.fr\/wp-content\/uploads\/2025\/06\/dd09af6bcf9661219af6bcf960619av-300x200.jpg\" class=\"attachment-medium size-medium wp-image-3884\" alt=\"\" srcset=\"http:\/\/loreilleduperche.fr\/wp-content\/uploads\/2025\/06\/dd09af6bcf9661219af6bcf960619av-300x200.jpg 300w, http:\/\/loreilleduperche.fr\/wp-content\/uploads\/2025\/06\/dd09af6bcf9661219af6bcf960619av-1024x683.jpg 1024w, http:\/\/loreilleduperche.fr\/wp-content\/uploads\/2025\/06\/dd09af6bcf9661219af6bcf960619av-768x512.jpg 768w, http:\/\/loreilleduperche.fr\/wp-content\/uploads\/2025\/06\/dd09af6bcf9661219af6bcf960619av.jpg 1280w\" sizes=\"(max-width: 300px) 100vw, 300px\" \/><\/div><\/a>\n\t\t\t\t<div class=\"elementor-post__text\">\n\t\t\t\t<h3 class=\"elementor-post__title\">\n\t\t\t<a href=\"http:\/\/loreilleduperche.fr\/?p=3882\">\n\t\t\t\tLes SuPercheries d\u2019\u00c9t\u00e9 : un festival musical \u00e9clectique au c\u0153ur du Perche\t\t\t<\/a>\n\t\t<\/h3>\n\t\t\n\t\t<a class=\"elementor-post__read-more\" href=\"http:\/\/loreilleduperche.fr\/?p=3882\" aria-label=\"En savoir plus sur Les SuPercheries d\u2019\u00c9t\u00e9 : un festival musical \u00e9clectique au c\u0153ur du Perche\" tabindex=\"-1\">\n\t\t\tEN SAVOIR PLUS \u00bb\t\t<\/a>\n\n\t\t\t\t<\/div>\n\t\t\t\t\t<\/div>\n\t\t<\/article>\n\t\t\t\t<article class=\"elementor-post elementor-grid-item post-3918 post type-post status-publish format-standard has-post-thumbnail hentry category-non-classe\" role=\"listitem\">\n\t\t\t<div class=\"elementor-post__card\">\n\t\t\t\t<a class=\"elementor-post__thumbnail__link\" href=\"http:\/\/loreilleduperche.fr\/?p=3918\" tabindex=\"-1\"><div class=\"elementor-post__thumbnail\"><img decoding=\"async\" width=\"300\" height=\"200\" src=\"http:\/\/loreilleduperche.fr\/wp-content\/uploads\/2025\/07\/2f52e433-da7f-4851-a063-0b8449b76186-300x200.jpg\" class=\"attachment-medium size-medium wp-image-3920\" alt=\"\" srcset=\"http:\/\/loreilleduperche.fr\/wp-content\/uploads\/2025\/07\/2f52e433-da7f-4851-a063-0b8449b76186-300x200.jpg 300w, http:\/\/loreilleduperche.fr\/wp-content\/uploads\/2025\/07\/2f52e433-da7f-4851-a063-0b8449b76186-1024x683.jpg 1024w, http:\/\/loreilleduperche.fr\/wp-content\/uploads\/2025\/07\/2f52e433-da7f-4851-a063-0b8449b76186-768x512.jpg 768w, http:\/\/loreilleduperche.fr\/wp-content\/uploads\/2025\/07\/2f52e433-da7f-4851-a063-0b8449b76186-1536x1024.jpg 1536w, http:\/\/loreilleduperche.fr\/wp-content\/uploads\/2025\/07\/2f52e433-da7f-4851-a063-0b8449b76186-2048x1366.jpg 2048w\" sizes=\"(max-width: 300px) 100vw, 300px\" \/><\/div><\/a>\n\t\t\t\t<div class=\"elementor-post__text\">\n\t\t\t\t<h3 class=\"elementor-post__title\">\n\t\t\t<a href=\"http:\/\/loreilleduperche.fr\/?p=3918\">\n\t\t\t\tInterview | Jean-Michel Bouvier, Maire de Verri\u00e8res (Orne)\t\t\t<\/a>\n\t\t<\/h3>\n\t\t\n\t\t<a class=\"elementor-post__read-more\" href=\"http:\/\/loreilleduperche.fr\/?p=3918\" aria-label=\"En savoir plus sur Interview | Jean-Michel Bouvier, Maire de Verri\u00e8res (Orne)\" tabindex=\"-1\">\n\t\t\tEN SAVOIR PLUS \u00bb\t\t<\/a>\n\n\t\t\t\t<\/div>\n\t\t\t\t\t<\/div>\n\t\t<\/article>\n\t\t\t\t<article class=\"elementor-post elementor-grid-item post-3868 post type-post status-publish format-standard has-post-thumbnail hentry category-non-classe\" role=\"listitem\">\n\t\t\t<div class=\"elementor-post__card\">\n\t\t\t\t<a class=\"elementor-post__thumbnail__link\" href=\"http:\/\/loreilleduperche.fr\/?p=3868\" tabindex=\"-1\"><div class=\"elementor-post__thumbnail\"><img loading=\"lazy\" decoding=\"async\" width=\"300\" height=\"240\" src=\"http:\/\/loreilleduperche.fr\/wp-content\/uploads\/2025\/04\/jacky_molard-4tet-300x240.jpg\" class=\"attachment-medium size-medium wp-image-3688\" alt=\"\" srcset=\"http:\/\/loreilleduperche.fr\/wp-content\/uploads\/2025\/04\/jacky_molard-4tet-300x240.jpg 300w, http:\/\/loreilleduperche.fr\/wp-content\/uploads\/2025\/04\/jacky_molard-4tet-1024x819.jpg 1024w, http:\/\/loreilleduperche.fr\/wp-content\/uploads\/2025\/04\/jacky_molard-4tet-768x614.jpg 768w, http:\/\/loreilleduperche.fr\/wp-content\/uploads\/2025\/04\/jacky_molard-4tet.jpg 1500w\" sizes=\"(max-width: 300px) 100vw, 300px\" \/><\/div><\/a>\n\t\t\t\t<div class=\"elementor-post__text\">\n\t\t\t\t<h3 class=\"elementor-post__title\">\n\t\t\t<a href=\"http:\/\/loreilleduperche.fr\/?p=3868\">\n\t\t\t\tJacky Molard Acoustic Quartet : L\u2019exploration sans fronti\u00e8res d\u2019un ma\u00eetre breton\t\t\t<\/a>\n\t\t<\/h3>\n\t\t\n\t\t<a class=\"elementor-post__read-more\" href=\"http:\/\/loreilleduperche.fr\/?p=3868\" aria-label=\"En savoir plus sur Jacky Molard Acoustic Quartet : L\u2019exploration sans fronti\u00e8res d\u2019un ma\u00eetre breton\" tabindex=\"-1\">\n\t\t\tEN SAVOIR PLUS \u00bb\t\t<\/a>\n\n\t\t\t\t<\/div>\n\t\t\t\t\t<\/div>\n\t\t<\/article>\n\t\t\t\t<article class=\"elementor-post elementor-grid-item post-3863 post type-post status-publish format-standard has-post-thumbnail hentry category-non-classe\" role=\"listitem\">\n\t\t\t<div class=\"elementor-post__card\">\n\t\t\t\t<a class=\"elementor-post__thumbnail__link\" href=\"http:\/\/loreilleduperche.fr\/?p=3863\" tabindex=\"-1\"><div class=\"elementor-post__thumbnail\"><img loading=\"lazy\" decoding=\"async\" width=\"300\" height=\"205\" src=\"http:\/\/loreilleduperche.fr\/wp-content\/uploads\/2025\/04\/klang_agenda-e1746008835343-300x205.png\" class=\"attachment-medium size-medium wp-image-3687\" alt=\"\" srcset=\"http:\/\/loreilleduperche.fr\/wp-content\/uploads\/2025\/04\/klang_agenda-e1746008835343-300x205.png 300w, http:\/\/loreilleduperche.fr\/wp-content\/uploads\/2025\/04\/klang_agenda-e1746008835343-768x524.png 768w, http:\/\/loreilleduperche.fr\/wp-content\/uploads\/2025\/04\/klang_agenda-e1746008835343.png 1000w\" sizes=\"(max-width: 300px) 100vw, 300px\" \/><\/div><\/a>\n\t\t\t\t<div class=\"elementor-post__text\">\n\t\t\t\t<h3 class=\"elementor-post__title\">\n\t\t\t<a href=\"http:\/\/loreilleduperche.fr\/?p=3863\">\n\t\t\t\tSuperklang : L\u2019art du duo acrobatique et inventif\t\t\t<\/a>\n\t\t<\/h3>\n\t\t\n\t\t<a class=\"elementor-post__read-more\" href=\"http:\/\/loreilleduperche.fr\/?p=3863\" aria-label=\"En savoir plus sur Superklang : L\u2019art du duo acrobatique et inventif\" tabindex=\"-1\">\n\t\t\tEN SAVOIR PLUS \u00bb\t\t<\/a>\n\n\t\t\t\t<\/div>\n\t\t\t\t\t<\/div>\n\t\t<\/article>\n\t\t\t\t<article class=\"elementor-post elementor-grid-item post-3855 post type-post status-publish format-standard has-post-thumbnail hentry category-non-classe\" role=\"listitem\">\n\t\t\t<div class=\"elementor-post__card\">\n\t\t\t\t<a class=\"elementor-post__thumbnail__link\" href=\"http:\/\/loreilleduperche.fr\/?p=3855\" tabindex=\"-1\"><div class=\"elementor-post__thumbnail\"><img loading=\"lazy\" decoding=\"async\" width=\"300\" height=\"158\" src=\"http:\/\/loreilleduperche.fr\/wp-content\/uploads\/2025\/06\/ANDY-300x158.jpg\" class=\"attachment-medium size-medium wp-image-3857\" alt=\"\" srcset=\"http:\/\/loreilleduperche.fr\/wp-content\/uploads\/2025\/06\/ANDY-300x158.jpg 300w, http:\/\/loreilleduperche.fr\/wp-content\/uploads\/2025\/06\/ANDY-1024x539.jpg 1024w, http:\/\/loreilleduperche.fr\/wp-content\/uploads\/2025\/06\/ANDY-768x404.jpg 768w, http:\/\/loreilleduperche.fr\/wp-content\/uploads\/2025\/06\/ANDY.jpg 1140w\" sizes=\"(max-width: 300px) 100vw, 300px\" \/><\/div><\/a>\n\t\t\t\t<div class=\"elementor-post__text\">\n\t\t\t\t<h3 class=\"elementor-post__title\">\n\t\t\t<a href=\"http:\/\/loreilleduperche.fr\/?p=3855\">\n\t\t\t\tAndy Emler pr\u00e9sente \u00ab My Own Ravel \u00bb : un hommage cr\u00e9atif par un musicien aux mille facettes\t\t\t<\/a>\n\t\t<\/h3>\n\t\t\n\t\t<a class=\"elementor-post__read-more\" href=\"http:\/\/loreilleduperche.fr\/?p=3855\" aria-label=\"En savoir plus sur Andy Emler pr\u00e9sente \u00ab My Own Ravel \u00bb : un hommage cr\u00e9atif par un musicien aux mille facettes\" tabindex=\"-1\">\n\t\t\tEN SAVOIR PLUS \u00bb\t\t<\/a>\n\n\t\t\t\t<\/div>\n\t\t\t\t\t<\/div>\n\t\t<\/article>\n\t\t\t\t<article class=\"elementor-post elementor-grid-item post-3873 post type-post status-publish format-standard has-post-thumbnail hentry category-non-classe\" role=\"listitem\">\n\t\t\t<div class=\"elementor-post__card\">\n\t\t\t\t<a class=\"elementor-post__thumbnail__link\" href=\"http:\/\/loreilleduperche.fr\/?p=3873\" tabindex=\"-1\"><div class=\"elementor-post__thumbnail\"><img loading=\"lazy\" decoding=\"async\" width=\"300\" height=\"187\" src=\"http:\/\/loreilleduperche.fr\/wp-content\/uploads\/2025\/06\/494971313_721623513760012_9006778083685559353_n-300x187.jpg\" class=\"attachment-medium size-medium wp-image-3899\" alt=\"\" srcset=\"http:\/\/loreilleduperche.fr\/wp-content\/uploads\/2025\/06\/494971313_721623513760012_9006778083685559353_n-300x187.jpg 300w, http:\/\/loreilleduperche.fr\/wp-content\/uploads\/2025\/06\/494971313_721623513760012_9006778083685559353_n-1024x637.jpg 1024w, http:\/\/loreilleduperche.fr\/wp-content\/uploads\/2025\/06\/494971313_721623513760012_9006778083685559353_n-768x478.jpg 768w, http:\/\/loreilleduperche.fr\/wp-content\/uploads\/2025\/06\/494971313_721623513760012_9006778083685559353_n-1536x956.jpg 1536w, http:\/\/loreilleduperche.fr\/wp-content\/uploads\/2025\/06\/494971313_721623513760012_9006778083685559353_n.jpg 2048w\" sizes=\"(max-width: 300px) 100vw, 300px\" \/><\/div><\/a>\n\t\t\t\t<div class=\"elementor-post__text\">\n\t\t\t\t<h3 class=\"elementor-post__title\">\n\t\t\t<a href=\"http:\/\/loreilleduperche.fr\/?p=3873\">\n\t\t\t\tDeux festivals : le Perche c\u00e9l\u00e8bre la musique sous toutes ses formes\t\t\t<\/a>\n\t\t<\/h3>\n\t\t\n\t\t<a class=\"elementor-post__read-more\" href=\"http:\/\/loreilleduperche.fr\/?p=3873\" aria-label=\"En savoir plus sur Deux festivals : le Perche c\u00e9l\u00e8bre la musique sous toutes ses formes\" tabindex=\"-1\">\n\t\t\tEN SAVOIR PLUS \u00bb\t\t<\/a>\n\n\t\t\t\t<\/div>\n\t\t\t\t\t<\/div>\n\t\t<\/article>\n\t\t\t\t<article class=\"elementor-post elementor-grid-item post-3850 post type-post status-publish format-standard has-post-thumbnail hentry category-non-classe\" role=\"listitem\">\n\t\t\t<div class=\"elementor-post__card\">\n\t\t\t\t<a class=\"elementor-post__thumbnail__link\" href=\"http:\/\/loreilleduperche.fr\/?p=3850\" tabindex=\"-1\"><div class=\"elementor-post__thumbnail\"><img loading=\"lazy\" decoding=\"async\" width=\"300\" height=\"200\" src=\"http:\/\/loreilleduperche.fr\/wp-content\/uploads\/2025\/04\/VORTICE2@Jerome-Prebois.jpeg-300x200.jpeg\" class=\"attachment-medium size-medium wp-image-3681\" alt=\"\" srcset=\"http:\/\/loreilleduperche.fr\/wp-content\/uploads\/2025\/04\/VORTICE2@Jerome-Prebois.jpeg-300x200.jpeg 300w, http:\/\/loreilleduperche.fr\/wp-content\/uploads\/2025\/04\/VORTICE2@Jerome-Prebois.jpeg-1024x682.jpeg 1024w, http:\/\/loreilleduperche.fr\/wp-content\/uploads\/2025\/04\/VORTICE2@Jerome-Prebois.jpeg-768x512.jpeg 768w, http:\/\/loreilleduperche.fr\/wp-content\/uploads\/2025\/04\/VORTICE2@Jerome-Prebois.jpeg.jpeg 1280w\" sizes=\"(max-width: 300px) 100vw, 300px\" \/><\/div><\/a>\n\t\t\t\t<div class=\"elementor-post__text\">\n\t\t\t\t<h3 class=\"elementor-post__title\">\n\t\t\t<a href=\"http:\/\/loreilleduperche.fr\/?p=3850\">\n\t\t\t\tVortice de Claude Tchamitchian : Un cirque imaginaire en musique\t\t\t<\/a>\n\t\t<\/h3>\n\t\t\n\t\t<a class=\"elementor-post__read-more\" href=\"http:\/\/loreilleduperche.fr\/?p=3850\" aria-label=\"En savoir plus sur Vortice de Claude Tchamitchian : Un cirque imaginaire en musique\" tabindex=\"-1\">\n\t\t\tEN SAVOIR PLUS \u00bb\t\t<\/a>\n\n\t\t\t\t<\/div>\n\t\t\t\t\t<\/div>\n\t\t<\/article>\n\t\t\t\t<article class=\"elementor-post elementor-grid-item post-3709 post type-post status-publish format-standard has-post-thumbnail hentry category-non-classe\" role=\"listitem\">\n\t\t\t<div class=\"elementor-post__card\">\n\t\t\t\t<a class=\"elementor-post__thumbnail__link\" href=\"http:\/\/loreilleduperche.fr\/?p=3709\" tabindex=\"-1\"><div class=\"elementor-post__thumbnail\"><img loading=\"lazy\" decoding=\"async\" width=\"300\" height=\"156\" src=\"http:\/\/loreilleduperche.fr\/wp-content\/uploads\/2025\/04\/Capture-decran-2025-04-30-a-13.08.07-300x156.png\" class=\"attachment-medium size-medium wp-image-3710\" alt=\"\" srcset=\"http:\/\/loreilleduperche.fr\/wp-content\/uploads\/2025\/04\/Capture-decran-2025-04-30-a-13.08.07-300x156.png 300w, http:\/\/loreilleduperche.fr\/wp-content\/uploads\/2025\/04\/Capture-decran-2025-04-30-a-13.08.07-1024x534.png 1024w, http:\/\/loreilleduperche.fr\/wp-content\/uploads\/2025\/04\/Capture-decran-2025-04-30-a-13.08.07-768x400.png 768w, http:\/\/loreilleduperche.fr\/wp-content\/uploads\/2025\/04\/Capture-decran-2025-04-30-a-13.08.07-1536x800.png 1536w, http:\/\/loreilleduperche.fr\/wp-content\/uploads\/2025\/04\/Capture-decran-2025-04-30-a-13.08.07.png 1616w\" sizes=\"(max-width: 300px) 100vw, 300px\" \/><\/div><\/a>\n\t\t\t\t<div class=\"elementor-post__text\">\n\t\t\t\t<h3 class=\"elementor-post__title\">\n\t\t\t<a href=\"http:\/\/loreilleduperche.fr\/?p=3709\">\n\t\t\t\tLes Supercheries, festival de printemps  du 3 au 5 juin 2025\t\t\t<\/a>\n\t\t<\/h3>\n\t\t\n\t\t<a class=\"elementor-post__read-more\" href=\"http:\/\/loreilleduperche.fr\/?p=3709\" aria-label=\"En savoir plus sur Les Supercheries, festival de printemps  du 3 au 5 juin 2025\" tabindex=\"-1\">\n\t\t\tEN SAVOIR PLUS \u00bb\t\t<\/a>\n\n\t\t\t\t<\/div>\n\t\t\t\t\t<\/div>\n\t\t<\/article>\n\t\t\t\t<article class=\"elementor-post elementor-grid-item post-3700 post type-post status-publish format-standard has-post-thumbnail hentry category-non-classe\" role=\"listitem\">\n\t\t\t<div class=\"elementor-post__card\">\n\t\t\t\t<a class=\"elementor-post__thumbnail__link\" href=\"http:\/\/loreilleduperche.fr\/?p=3700\" tabindex=\"-1\"><div class=\"elementor-post__thumbnail\"><img loading=\"lazy\" decoding=\"async\" width=\"300\" height=\"150\" src=\"http:\/\/loreilleduperche.fr\/wp-content\/uploads\/2025\/04\/share-300x150.jpg\" class=\"attachment-medium size-medium wp-image-3702\" alt=\"\" srcset=\"http:\/\/loreilleduperche.fr\/wp-content\/uploads\/2025\/04\/share-300x150.jpg 300w, http:\/\/loreilleduperche.fr\/wp-content\/uploads\/2025\/04\/share-768x384.jpg 768w, http:\/\/loreilleduperche.fr\/wp-content\/uploads\/2025\/04\/share.jpg 1024w\" sizes=\"(max-width: 300px) 100vw, 300px\" \/><\/div><\/a>\n\t\t\t\t<div class=\"elementor-post__text\">\n\t\t\t\t<h3 class=\"elementor-post__title\">\n\t\t\t<a href=\"http:\/\/loreilleduperche.fr\/?p=3700\">\n\t\t\t\tL&rsquo;Oreille du Perche adh\u00e8re \u00e0 NORMA\t\t\t<\/a>\n\t\t<\/h3>\n\t\t\n\t\t<a class=\"elementor-post__read-more\" href=\"http:\/\/loreilleduperche.fr\/?p=3700\" aria-label=\"En savoir plus sur L&rsquo;Oreille du Perche adh\u00e8re \u00e0 NORMA\" tabindex=\"-1\">\n\t\t\tEN SAVOIR PLUS \u00bb\t\t<\/a>\n\n\t\t\t\t<\/div>\n\t\t\t\t\t<\/div>\n\t\t<\/article>\n\t\t\t\t<article class=\"elementor-post elementor-grid-item post-3513 post type-post status-publish format-standard has-post-thumbnail hentry category-non-classe\" role=\"listitem\">\n\t\t\t<div class=\"elementor-post__card\">\n\t\t\t\t<a class=\"elementor-post__thumbnail__link\" href=\"http:\/\/loreilleduperche.fr\/?p=3513\" tabindex=\"-1\"><div class=\"elementor-post__thumbnail\"><img loading=\"lazy\" decoding=\"async\" width=\"300\" height=\"180\" src=\"http:\/\/loreilleduperche.fr\/wp-content\/uploads\/2024\/07\/atchoum-300x180.jpg\" class=\"attachment-medium size-medium wp-image-3515\" alt=\"\" srcset=\"http:\/\/loreilleduperche.fr\/wp-content\/uploads\/2024\/07\/atchoum-300x180.jpg 300w, http:\/\/loreilleduperche.fr\/wp-content\/uploads\/2024\/07\/atchoum-1024x614.jpg 1024w, http:\/\/loreilleduperche.fr\/wp-content\/uploads\/2024\/07\/atchoum-768x461.jpg 768w, http:\/\/loreilleduperche.fr\/wp-content\/uploads\/2024\/07\/atchoum-1536x922.jpg 1536w, http:\/\/loreilleduperche.fr\/wp-content\/uploads\/2024\/07\/atchoum.jpg 2000w\" sizes=\"(max-width: 300px) 100vw, 300px\" \/><\/div><\/a>\n\t\t\t\t<div class=\"elementor-post__text\">\n\t\t\t\t<h3 class=\"elementor-post__title\">\n\t\t\t<a href=\"http:\/\/loreilleduperche.fr\/?p=3513\">\n\t\t\t\tSe d\u00e9placer solidaire avec Atchoum\t\t\t<\/a>\n\t\t<\/h3>\n\t\t\n\t\t<a class=\"elementor-post__read-more\" href=\"http:\/\/loreilleduperche.fr\/?p=3513\" aria-label=\"En savoir plus sur Se d\u00e9placer solidaire avec Atchoum\" tabindex=\"-1\">\n\t\t\tEN SAVOIR PLUS \u00bb\t\t<\/a>\n\n\t\t\t\t<\/div>\n\t\t\t\t\t<\/div>\n\t\t<\/article>\n\t\t\t\t<article class=\"elementor-post elementor-grid-item post-3504 post type-post status-publish format-standard has-post-thumbnail hentry category-non-classe\" role=\"listitem\">\n\t\t\t<div class=\"elementor-post__card\">\n\t\t\t\t<a class=\"elementor-post__thumbnail__link\" href=\"http:\/\/loreilleduperche.fr\/?p=3504\" tabindex=\"-1\"><div class=\"elementor-post__thumbnail\"><img loading=\"lazy\" decoding=\"async\" width=\"300\" height=\"169\" src=\"http:\/\/loreilleduperche.fr\/wp-content\/uploads\/2024\/07\/trio-nairi-300x169.jpg\" class=\"attachment-medium size-medium wp-image-3506\" alt=\"\" srcset=\"http:\/\/loreilleduperche.fr\/wp-content\/uploads\/2024\/07\/trio-nairi-300x169.jpg 300w, http:\/\/loreilleduperche.fr\/wp-content\/uploads\/2024\/07\/trio-nairi-1024x576.jpg 1024w, http:\/\/loreilleduperche.fr\/wp-content\/uploads\/2024\/07\/trio-nairi-768x432.jpg 768w, http:\/\/loreilleduperche.fr\/wp-content\/uploads\/2024\/07\/trio-nairi.jpg 1366w\" sizes=\"(max-width: 300px) 100vw, 300px\" \/><\/div><\/a>\n\t\t\t\t<div class=\"elementor-post__text\">\n\t\t\t\t<h3 class=\"elementor-post__title\">\n\t\t\t<a href=\"http:\/\/loreilleduperche.fr\/?p=3504\">\n\t\t\t\tNa\u00efri \u00e0 l\u2019origine des mythologies oubli\u00e9es\t\t\t<\/a>\n\t\t<\/h3>\n\t\t\n\t\t<a class=\"elementor-post__read-more\" href=\"http:\/\/loreilleduperche.fr\/?p=3504\" aria-label=\"En savoir plus sur Na\u00efri \u00e0 l\u2019origine des mythologies oubli\u00e9es\" tabindex=\"-1\">\n\t\t\tEN SAVOIR PLUS \u00bb\t\t<\/a>\n\n\t\t\t\t<\/div>\n\t\t\t\t\t<\/div>\n\t\t<\/article>\n\t\t\t\t<\/div>\n\t\t\n\t\t\t\t\t\t<\/div>\n\t\t\t\t<\/div>\n\t\t\t\t\t<\/div>\n\t\t<\/div>\n\t\t\t\t\t<\/div>\n\t\t<\/section>\n\t\t\t\t<\/div>\n\t\t","protected":false},"excerpt":{"rendered":"<p>Appel aux dons :<\/p>\n","protected":false},"author":1,"featured_media":1982,"parent":0,"menu_order":0,"comment_status":"closed","ping_status":"closed","template":"","meta":{"footnotes":""},"class_list":["post-430","page","type-page","status-publish","has-post-thumbnail","hentry"],"_links":{"self":[{"href":"http:\/\/loreilleduperche.fr\/index.php?rest_route=\/wp\/v2\/pages\/430","targetHints":{"allow":["GET"]}}],"collection":[{"href":"http:\/\/loreilleduperche.fr\/index.php?rest_route=\/wp\/v2\/pages"}],"about":[{"href":"http:\/\/loreilleduperche.fr\/index.php?rest_route=\/wp\/v2\/types\/page"}],"author":[{"embeddable":true,"href":"http:\/\/loreilleduperche.fr\/index.php?rest_route=\/wp\/v2\/users\/1"}],"replies":[{"embeddable":true,"href":"http:\/\/loreilleduperche.fr\/index.php?rest_route=%2Fwp%2Fv2%2Fcomments&post=430"}],"version-history":[{"count":264,"href":"http:\/\/loreilleduperche.fr\/index.php?rest_route=\/wp\/v2\/pages\/430\/revisions"}],"predecessor-version":[{"id":4080,"href":"http:\/\/loreilleduperche.fr\/index.php?rest_route=\/wp\/v2\/pages\/430\/revisions\/4080"}],"wp:featuredmedia":[{"embeddable":true,"href":"http:\/\/loreilleduperche.fr\/index.php?rest_route=\/wp\/v2\/media\/1982"}],"wp:attachment":[{"href":"http:\/\/loreilleduperche.fr\/index.php?rest_route=%2Fwp%2Fv2%2Fmedia&parent=430"}],"curies":[{"name":"wp","href":"https:\/\/api.w.org\/{rel}","templated":true}]}}